{"id":73513,"date":"2023-09-18T10:32:46","date_gmt":"2023-09-18T08:32:46","guid":{"rendered":"https:\/\/hungexpo.hu\/events\/xxiii-dental-world\/"},"modified":"2023-11-21T13:44:27","modified_gmt":"2023-11-21T12:44:27","slug":"xxiii-dental-world","status":"publish","type":"events","link":"https:\/\/hungexpo.hu\/en\/events\/xxiii-dental-world\/","title":{"rendered":"XXIII. Dental World"},"content":{"rendered":"\n<h3 class=\"wp-block-heading\">Nemzetk\u00f6zi Fog\u00e1szati Ki\u00e1ll\u00edt\u00e1s&nbsp;&amp;&nbsp;Konferencia<\/h3>\n\n\n\n<p>Imm\u00e1r t\u00f6bb, mint k\u00e9t \u00e9vtizede tal\u00e1lkoznak a fog\u00e1szat meghat\u00e1roz\u00f3 szerepl\u0151i Budapesten, ahol tud\u00e1st, tapasztalatot \u00e9s \u00e9lm\u00e9nyeket szereznek. A vil\u00e1g t\u00f6bb mint 50 orsz\u00e1g\u00e1b\u00f3l, kiemelten a k\u00f6z\u00e9p-kelet eur\u00f3pai orsz\u00e1gokb\u00f3l \u00e9rkez\u0151 kongresszusi r\u00e9sztvev\u0151k 12 kongresszuson tudnak r\u00e9szt venni. A 300-n\u00e1l is t\u00f6bb fog\u00e1szati gy\u00e1rt\u00f3 jelenl\u00e9te garant\u00e1lja, hogy minden olyan \u00fajdons\u00e1ggal els\u0151 k\u00e9zb\u0151l lehet tal\u00e1lkozni, amelyekkel a k\u00f6vetkez\u0151 \u00e9vekben a rendel\u0151kben tal\u00e1lkozni fogunk. Az \u00e9l\u0151 m\u0171t\u00e9tek, a dem\u00f3k, a workshopok, a gyakorlati k\u00e9pz\u00e9sek pedig azonnal alkalmazhat\u00f3 tud\u00e1ssal teszik gazdagabb\u00e1 a l\u00e1togat\u00f3kat. A k\u00f6z\u00f6ss\u00e9gi programokon pedig nem csak Budapestet, de egym\u00e1st is jobban megismerhetik a r\u00e9sztvev\u0151k. <\/p>\n","protected":false},"excerpt":{"rendered":"<p>Nemzetk\u00f6zi Fog\u00e1szati Ki\u00e1ll\u00edt\u00e1s&nbsp;&amp;&nbsp;Konferencia Imm\u00e1r t\u00f6bb, mint k\u00e9t \u00e9vtizede tal\u00e1lkoznak a fog\u00e1szat meghat\u00e1roz\u00f3 szerepl\u0151i Budapesten, ahol tud\u00e1st, tapasztalatot \u00e9s \u00e9lm\u00e9nyeket szereznek. A vil\u00e1g t\u00f6bb mint 50 orsz\u00e1g\u00e1b\u00f3l, kiemelten a k\u00f6z\u00e9p-kelet eur\u00f3pai orsz\u00e1gokb\u00f3l \u00e9rkez\u0151 kongresszusi r\u00e9sztvev\u0151k 12 kongresszuson tudnak r\u00e9szt venni. A 300-n\u00e1l is t\u00f6bb fog\u00e1szati gy\u00e1rt\u00f3 jelenl\u00e9te garant\u00e1lja, hogy minden olyan \u00fajdons\u00e1ggal els\u0151 k\u00e9zb\u0151l lehet tal\u00e1lkozni, [&hellip;]<\/p>\n","protected":false},"featured_media":0,"parent":0,"menu_order":0,"template":"","meta":{"_acf_changed":false},"categories":[435],"acf":[],"yoast_head":"<!-- This site is optimized with the Yoast SEO plugin v23.5 - https:\/\/yoast.com\/wordpress\/plugins\/seo\/ -->\n<title>XXIII. Dental World - HUNGEXPO<\/title>\n<meta name=\"robots\" content=\"index, follow, max-snippet:-1, max-image-preview:large, max-video-preview:-1\" \/>\n<link rel=\"canonical\" href=\"https:\/\/hungexpo.hu\/en\/events\/xxiii-dental-world\/\" \/>\n<meta property=\"og:locale\" content=\"en_US\" \/>\n<meta property=\"og:type\" content=\"article\" \/>\n<meta property=\"og:title\" content=\"XXIII. Dental World - HUNGEXPO\" \/>\n<meta property=\"og:description\" content=\"Nemzetk\u00f6zi Fog\u00e1szati Ki\u00e1ll\u00edt\u00e1s&nbsp;&amp;&nbsp;Konferencia Imm\u00e1r t\u00f6bb, mint k\u00e9t \u00e9vtizede tal\u00e1lkoznak a fog\u00e1szat meghat\u00e1roz\u00f3 szerepl\u0151i Budapesten, ahol tud\u00e1st, tapasztalatot \u00e9s \u00e9lm\u00e9nyeket szereznek. A vil\u00e1g t\u00f6bb mint 50 orsz\u00e1g\u00e1b\u00f3l, kiemelten a k\u00f6z\u00e9p-kelet eur\u00f3pai orsz\u00e1gokb\u00f3l \u00e9rkez\u0151 kongresszusi r\u00e9sztvev\u0151k 12 kongresszuson tudnak r\u00e9szt venni. A 300-n\u00e1l is t\u00f6bb fog\u00e1szati gy\u00e1rt\u00f3 jelenl\u00e9te garant\u00e1lja, hogy minden olyan \u00fajdons\u00e1ggal els\u0151 k\u00e9zb\u0151l lehet tal\u00e1lkozni, [&hellip;]\" \/>\n<meta property=\"og:url\" content=\"https:\/\/hungexpo.hu\/en\/events\/xxiii-dental-world\/\" \/>\n<meta property=\"og:site_name\" content=\"HUNGEXPO\" \/>\n<meta property=\"article:modified_time\" content=\"2023-11-21T12:44:27+00:00\" \/>\n<meta name=\"twitter:card\" content=\"summary_large_image\" \/>\n<meta name=\"twitter:label1\" content=\"Est. reading time\" \/>\n\t<meta name=\"twitter:data1\" content=\"1 minute\" \/>\n<script type=\"application\/ld+json\" class=\"yoast-schema-graph\">{\"@context\":\"https:\/\/schema.org\",\"@graph\":[{\"@type\":\"WebPage\",\"@id\":\"https:\/\/hungexpo.hu\/en\/events\/xxiii-dental-world\/\",\"url\":\"https:\/\/hungexpo.hu\/en\/events\/xxiii-dental-world\/\",\"name\":\"XXIII. Dental World - HUNGEXPO\",\"isPartOf\":{\"@id\":\"https:\/\/hungexpo.hu\/#website\"},\"datePublished\":\"2023-09-18T08:32:46+00:00\",\"dateModified\":\"2023-11-21T12:44:27+00:00\",\"breadcrumb\":{\"@id\":\"https:\/\/hungexpo.hu\/en\/events\/xxiii-dental-world\/#breadcrumb\"},\"inLanguage\":\"en-US\",\"potentialAction\":[{\"@type\":\"ReadAction\",\"target\":[\"https:\/\/hungexpo.hu\/en\/events\/xxiii-dental-world\/\"]}]},{\"@type\":\"BreadcrumbList\",\"@id\":\"https:\/\/hungexpo.hu\/en\/events\/xxiii-dental-world\/#breadcrumb\",\"itemListElement\":[{\"@type\":\"ListItem\",\"position\":1,\"name\":\"Home\",\"item\":\"https:\/\/preview.hungexpo.hu\/en\/\"},{\"@type\":\"ListItem\",\"position\":2,\"name\":\"XXIII. Dental World\"}]},{\"@type\":\"WebSite\",\"@id\":\"https:\/\/hungexpo.hu\/#website\",\"url\":\"https:\/\/hungexpo.hu\/\",\"name\":\"HUNGEXPO\",\"description\":\"...egy \u00fajabb WordPress honlap...\",\"potentialAction\":[{\"@type\":\"SearchAction\",\"target\":{\"@type\":\"EntryPoint\",\"urlTemplate\":\"https:\/\/hungexpo.hu\/?s={search_term_string}\"},\"query-input\":{\"@type\":\"PropertyValueSpecification\",\"valueRequired\":true,\"valueName\":\"search_term_string\"}}],\"inLanguage\":\"en-US\"}]}<\/script>\n<!-- \/ Yoast SEO plugin. -->","yoast_head_json":{"title":"XXIII. Dental World - HUNGEXPO","robots":{"index":"index","follow":"follow","max-snippet":"max-snippet:-1","max-image-preview":"max-image-preview:large","max-video-preview":"max-video-preview:-1"},"canonical":"https:\/\/hungexpo.hu\/en\/events\/xxiii-dental-world\/","og_locale":"en_US","og_type":"article","og_title":"XXIII. Dental World - HUNGEXPO","og_description":"Nemzetk\u00f6zi Fog\u00e1szati Ki\u00e1ll\u00edt\u00e1s&nbsp;&amp;&nbsp;Konferencia Imm\u00e1r t\u00f6bb, mint k\u00e9t \u00e9vtizede tal\u00e1lkoznak a fog\u00e1szat meghat\u00e1roz\u00f3 szerepl\u0151i Budapesten, ahol tud\u00e1st, tapasztalatot \u00e9s \u00e9lm\u00e9nyeket szereznek. A vil\u00e1g t\u00f6bb mint 50 orsz\u00e1g\u00e1b\u00f3l, kiemelten a k\u00f6z\u00e9p-kelet eur\u00f3pai orsz\u00e1gokb\u00f3l \u00e9rkez\u0151 kongresszusi r\u00e9sztvev\u0151k 12 kongresszuson tudnak r\u00e9szt venni. A 300-n\u00e1l is t\u00f6bb fog\u00e1szati gy\u00e1rt\u00f3 jelenl\u00e9te garant\u00e1lja, hogy minden olyan \u00fajdons\u00e1ggal els\u0151 k\u00e9zb\u0151l lehet tal\u00e1lkozni, [&hellip;]","og_url":"https:\/\/hungexpo.hu\/en\/events\/xxiii-dental-world\/","og_site_name":"HUNGEXPO","article_modified_time":"2023-11-21T12:44:27+00:00","twitter_card":"summary_large_image","twitter_misc":{"Est. reading time":"1 minute"},"schema":{"@context":"https:\/\/schema.org","@graph":[{"@type":"WebPage","@id":"https:\/\/hungexpo.hu\/en\/events\/xxiii-dental-world\/","url":"https:\/\/hungexpo.hu\/en\/events\/xxiii-dental-world\/","name":"XXIII. Dental World - HUNGEXPO","isPartOf":{"@id":"https:\/\/hungexpo.hu\/#website"},"datePublished":"2023-09-18T08:32:46+00:00","dateModified":"2023-11-21T12:44:27+00:00","breadcrumb":{"@id":"https:\/\/hungexpo.hu\/en\/events\/xxiii-dental-world\/#breadcrumb"},"inLanguage":"en-US","potentialAction":[{"@type":"ReadAction","target":["https:\/\/hungexpo.hu\/en\/events\/xxiii-dental-world\/"]}]},{"@type":"BreadcrumbList","@id":"https:\/\/hungexpo.hu\/en\/events\/xxiii-dental-world\/#breadcrumb","itemListElement":[{"@type":"ListItem","position":1,"name":"Home","item":"https:\/\/preview.hungexpo.hu\/en\/"},{"@type":"ListItem","position":2,"name":"XXIII. Dental World"}]},{"@type":"WebSite","@id":"https:\/\/hungexpo.hu\/#website","url":"https:\/\/hungexpo.hu\/","name":"HUNGEXPO","description":"...egy \u00fajabb WordPress honlap...","potentialAction":[{"@type":"SearchAction","target":{"@type":"EntryPoint","urlTemplate":"https:\/\/hungexpo.hu\/?s={search_term_string}"},"query-input":{"@type":"PropertyValueSpecification","valueRequired":true,"valueName":"search_term_string"}}],"inLanguage":"en-US"}]}},"_links":{"self":[{"href":"https:\/\/hungexpo.hu\/en\/wp-json\/wp\/v2\/events\/73513"}],"collection":[{"href":"https:\/\/hungexpo.hu\/en\/wp-json\/wp\/v2\/events"}],"about":[{"href":"https:\/\/hungexpo.hu\/en\/wp-json\/wp\/v2\/types\/events"}],"version-history":[{"count":4,"href":"https:\/\/hungexpo.hu\/en\/wp-json\/wp\/v2\/events\/73513\/revisions"}],"predecessor-version":[{"id":74523,"href":"https:\/\/hungexpo.hu\/en\/wp-json\/wp\/v2\/events\/73513\/revisions\/74523"}],"wp:attachment":[{"href":"https:\/\/hungexpo.hu\/en\/wp-json\/wp\/v2\/media?parent=73513"}],"wp:term":[{"taxonomy":"category","embeddable":true,"href":"https:\/\/hungexpo.hu\/en\/wp-json\/wp\/v2\/categories?post=73513"}],"curies":[{"name":"wp","href":"https:\/\/api.w.org\/{rel}","templated":true}]}}